{"id":98,"date":"2025-10-28T02:31:31","date_gmt":"2025-10-28T02:31:31","guid":{"rendered":"https:\/\/gskpraxis-cngjpktkui.live-website.com\/?page_id=98"},"modified":"2025-11-12T21:12:26","modified_gmt":"2025-11-12T20:12:26","slug":"medical-practice-in-koenigstein","status":"publish","type":"page","link":"http:\/\/gsk-praxis.de\/en\/medical-practice-in-koenigstein\/","title":{"rendered":"The practice"},"content":{"rendered":"\t\t<div data-elementor-type=\"wp-page\" data-elementor-id=\"98\" class=\"elementor elementor-98\" data-elementor-post-type=\"page\">\n\t\t\t\t<div data-particle_enable=\"false\" data-particle-mobile-disabled=\"false\" class=\"elementor-element elementor-element-124589a e-flex e-con-boxed e-con e-parent\" data-id=\"124589a\" data-element_type=\"container\" data-e-type=\"container\" data-settings=\"{&quot;background_background&quot;:&quot;slideshow&quot;,&quot;background_slideshow_gallery&quot;:[{&quot;id&quot;:823,&quot;url&quot;:&quot;https:\\\/\\\/gsk-praxis.de\\\/wp-content\\\/uploads\\\/2025\\\/11\\\/2.jpg&quot;},{&quot;id&quot;:822,&quot;url&quot;:&quot;https:\\\/\\\/gsk-praxis.de\\\/wp-content\\\/uploads\\\/2025\\\/11\\\/1.jpg&quot;},{&quot;id&quot;:824,&quot;url&quot;:&quot;https:\\\/\\\/gsk-praxis.de\\\/wp-content\\\/uploads\\\/2025\\\/11\\\/3.jpg&quot;},{&quot;id&quot;:825,&quot;url&quot;:&quot;https:\\\/\\\/gsk-praxis.de\\\/wp-content\\\/uploads\\\/2025\\\/11\\\/4.jpg&quot;},{&quot;id&quot;:826,&quot;url&quot;:&quot;https:\\\/\\\/gsk-praxis.de\\\/wp-content\\\/uploads\\\/2025\\\/11\\\/5.jpg&quot;},{&quot;id&quot;:827,&quot;url&quot;:&quot;https:\\\/\\\/gsk-praxis.de\\\/wp-content\\\/uploads\\\/2025\\\/11\\\/6.jpg&quot;},{&quot;id&quot;:828,&quot;url&quot;:&quot;https:\\\/\\\/gsk-praxis.de\\\/wp-content\\\/uploads\\\/2025\\\/11\\\/7.jpg&quot;},{&quot;id&quot;:829,&quot;url&quot;:&quot;https:\\\/\\\/gsk-praxis.de\\\/wp-content\\\/uploads\\\/2025\\\/11\\\/8.jpg&quot;},{&quot;id&quot;:830,&quot;url&quot;:&quot;https:\\\/\\\/gsk-praxis.de\\\/wp-content\\\/uploads\\\/2025\\\/11\\\/9.jpg&quot;}],&quot;background_slideshow_lazyload&quot;:&quot;yes&quot;,&quot;background_slideshow_loop&quot;:&quot;yes&quot;,&quot;background_slideshow_slide_duration&quot;:5000,&quot;background_slideshow_slide_transition&quot;:&quot;fade&quot;,&quot;background_slideshow_transition_duration&quot;:500}\">\n\t\t\t\t\t<div class=\"e-con-inner\">\n\t\t<div data-particle_enable=\"false\" data-particle-mobile-disabled=\"false\" class=\"elementor-element elementor-element-04883b6 e-con-full e-flex e-con e-child\" data-id=\"04883b6\" data-element_type=\"container\" data-e-type=\"container\" data-settings=\"{&quot;background_background&quot;:&quot;classic&quot;}\">\n\t\t\t\t<div class=\"elementor-element elementor-element-0476f42 elementor-widget elementor-widget-heading\" data-id=\"0476f42\" data-element_type=\"widget\" data-e-type=\"widget\" data-widget_type=\"heading.default\">\n\t\t\t\t\t<h1 class=\"elementor-heading-title elementor-size-default\">Die Praxis\u200b<\/h1>\t\t\t\t<\/div>\n\t\t\t\t<div class=\"elementor-element elementor-element-90fc4f2 elementor-widget__width-initial elementor-widget elementor-widget-text-editor\" data-id=\"90fc4f2\" data-element_type=\"widget\" data-e-type=\"widget\" data-widget_type=\"text-editor.default\">\n\t\t\t\t\t\t\t\t\t<p>Die Praxis wurde 2012 als reine <strong>\u00dcberweisungspraxis<\/strong> in K\u00f6nigstein im Taunus neu gegr\u00fcndet. Unsere Leistungen k\u00f6nnen auch sowohl von <strong>Privatversicherten<\/strong> als auch von <strong>Selbstzahlern <\/strong>in Anspruch genommen werden. Sie richten sich nach den <strong>Leitlinien <\/strong>der jeweiligen <strong>deutschen medizinischen Fachgesellschaften<\/strong>. Wir pflegen eine enge Zusammenarbeit mit <strong>\u00fcberweisenden Haus- und Fach\u00e4rzten <\/strong>sowie einem gro\u00dfen <strong>Netzwerk von Spezialisten f\u00fcr Gef\u00e4\u00df- und Herz-Kreislauferkrankungen<\/strong>.<\/p>\t\t\t\t\t\t\t\t<\/div>\n\t\t\t\t<\/div>\n\t\t\t\t\t<\/div>\n\t\t\t\t<\/div>\n\t\t<div data-particle_enable=\"false\" data-particle-mobile-disabled=\"false\" class=\"elementor-element elementor-element-6920115 e-flex e-con-boxed e-con e-parent\" data-id=\"6920115\" data-element_type=\"container\" data-e-type=\"container\">\n\t\t\t\t\t<div class=\"e-con-inner\">\n\t\t<div data-particle_enable=\"false\" data-particle-mobile-disabled=\"false\" class=\"elementor-element elementor-element-a52a8fb e-grid e-con-full e-con e-child\" data-id=\"a52a8fb\" data-element_type=\"container\" data-e-type=\"container\">\n\t\t\t\t<div class=\"elementor-element elementor-element-161cd72 elementor-widget__width-initial elementor-widget elementor-widget-heading\" data-id=\"161cd72\" data-element_type=\"widget\" data-e-type=\"widget\" data-widget_type=\"heading.default\">\n\t\t\t\t\t<h2 class=\"elementor-heading-title elementor-size-default\">Dr. med. Taher Nazary<br>Facharzt f\u00fcr Innere Medizin, Angiologie (Gef\u00e4\u00dfmedizin), Diabetologie DDG, Allgemeinmedizin, Notfallmedizin<\/h2>\t\t\t\t<\/div>\n\t\t\t\t<div class=\"elementor-element elementor-element-3f12e5a elementor-widget elementor-widget-image\" data-id=\"3f12e5a\" data-element_type=\"widget\" data-e-type=\"widget\" data-widget_type=\"image.default\">\n\t\t\t\t\t\t\t\t\t\t\t\t\t\t\t<img fetchpriority=\"high\" decoding=\"async\" width=\"1920\" height=\"1080\" src=\"https:\/\/gsk-praxis.de\/wp-content\/uploads\/2025\/11\/Dr.-Naher-Tazary-Venenzentrum-Koenigstein-im-Taunus.png\" class=\"attachment-full size-full wp-image-814\" alt=\"Dr. Taher Nazary - Venenzentrum K\u00f6nigstein im Taunus\" srcset=\"https:\/\/gsk-praxis.de\/wp-content\/uploads\/2025\/11\/Dr.-Naher-Tazary-Venenzentrum-Koenigstein-im-Taunus.png 1920w, https:\/\/gsk-praxis.de\/wp-content\/uploads\/2025\/11\/Dr.-Naher-Tazary-Venenzentrum-Koenigstein-im-Taunus-300x169.png 300w, https:\/\/gsk-praxis.de\/wp-content\/uploads\/2025\/11\/Dr.-Naher-Tazary-Venenzentrum-Koenigstein-im-Taunus-1024x576.png 1024w, https:\/\/gsk-praxis.de\/wp-content\/uploads\/2025\/11\/Dr.-Naher-Tazary-Venenzentrum-Koenigstein-im-Taunus-768x432.png 768w, https:\/\/gsk-praxis.de\/wp-content\/uploads\/2025\/11\/Dr.-Naher-Tazary-Venenzentrum-Koenigstein-im-Taunus-1536x864.png 1536w, https:\/\/gsk-praxis.de\/wp-content\/uploads\/2025\/11\/Dr.-Naher-Tazary-Venenzentrum-Koenigstein-im-Taunus-18x10.png 18w\" sizes=\"(max-width: 1920px) 100vw, 1920px\" \/>\t\t\t\t\t\t\t\t\t\t\t\t\t\t\t<\/div>\n\t\t\t\t<\/div>\n\t\t\t\t<div class=\"elementor-element elementor-element-67dec69 elementor-widget elementor-widget-eael-content-timeline\" data-id=\"67dec69\" data-element_type=\"widget\" data-e-type=\"widget\" data-widget_type=\"eael-content-timeline.default\">\n\t\t\t\t\t\t\t<div id=\"eael-content-timeline-67dec69\" class=\"content-timeline-layout-center date-position- horizontal-timeline-wrapper\" data-slide_to_scroll=\"{&quot;desktop&quot;:1,&quot;mobile&quot;:1,&quot;tablet&quot;:1}\">\n\t\t\t<div class=\"eael-content-timeline-container\">\n\t\t\t\t<div class=\"eael-content-timeline-container\">\n\t\t\t\t\t\t\t\t\t\t\t\t\t\t\t\t\t\t\t\t\t\t\t<div class=\"eael-content-timeline-block\">\n    <div class=\"eael-content-timeline-line\">\n        <div class=\"eael-content-timeline-inner\"><\/div>\n    <\/div>\n    <div class=\"eael-content-timeline-img eael-picture \"><svg class=\"e-font-icon-svg e-fab-wpforms\" viewBox=\"0 0 448 512\" xmlns=\"http:\/\/www.w3.org\/2000\/svg\"><path d=\"M448 75.2v361.7c0 24.3-19 43.2-43.2 43.2H43.2C19.3 480 0 461.4 0 436.8V75.2C0 51.1 18.8 32 43.2 32h361.7c24 0 43.1 18.8 43.1 43.2zm-37.3 361.6V75.2c0-3-2.6-5.8-5.8-5.8h-9.3L285.3 144 224 94.1 162.8 144 52.5 69.3h-9.3c-3.2 0-5.8 2.8-5.8 5.8v361.7c0 3 2.6 5.8 5.8 5.8h361.7c3.2.1 5.8-2.7 5.8-5.8zM150.2 186v37H76.7v-37h73.5zm0 74.4v37.3H76.7v-37.3h73.5zm11.1-147.3l54-43.7H96.8l64.5 43.7zm210 72.9v37h-196v-37h196zm0 74.4v37.3h-196v-37.3h196zm-84.6-147.3l64.5-43.7H232.8l53.9 43.7zM371.3 335v37.3h-99.4V335h99.4z\"><\/path><\/svg><\/div><div class=\"eael-content-timeline-content\"><h2 class=\"eael-timeline-title\"> Seit Juni 2012 Niederlassung in eigener Praxis in K\u00f6nigstein im Taunus<\/h2><span class=\"eael-date\"><\/span><\/div><\/div>\t\t\t\t\t\t\t\t\t\t\t\t\t\t\t\t\t\t<div class=\"eael-content-timeline-block\">\n    <div class=\"eael-content-timeline-line\">\n        <div class=\"eael-content-timeline-inner\"><\/div>\n    <\/div>\n    <div class=\"eael-content-timeline-img eael-picture \"><svg class=\"e-font-icon-svg e-fab-wpforms\" viewBox=\"0 0 448 512\" xmlns=\"http:\/\/www.w3.org\/2000\/svg\"><path d=\"M448 75.2v361.7c0 24.3-19 43.2-43.2 43.2H43.2C19.3 480 0 461.4 0 436.8V75.2C0 51.1 18.8 32 43.2 32h361.7c24 0 43.1 18.8 43.1 43.2zm-37.3 361.6V75.2c0-3-2.6-5.8-5.8-5.8h-9.3L285.3 144 224 94.1 162.8 144 52.5 69.3h-9.3c-3.2 0-5.8 2.8-5.8 5.8v361.7c0 3 2.6 5.8 5.8 5.8h361.7c3.2.1 5.8-2.7 5.8-5.8zM150.2 186v37H76.7v-37h73.5zm0 74.4v37.3H76.7v-37.3h73.5zm11.1-147.3l54-43.7H96.8l64.5 43.7zm210 72.9v37h-196v-37h196zm0 74.4v37.3h-196v-37.3h196zm-84.6-147.3l64.5-43.7H232.8l53.9 43.7zM371.3 335v37.3h-99.4V335h99.4z\"><\/path><\/svg><\/div><div class=\"eael-content-timeline-content\"><h2 class=\"eael-timeline-title\">Medizinische Weiterbildung bis zur Niederlassung (1994-2012)<\/h2><p><strong>Innere Medizin:<\/strong><\/p><p>Kreiskrankenhaus L\u00f6rrach, Haus der Maximalversorgung<\/p><p>Akademisches Lehrkrankenhaus der Universit\u00e4t Freiburg mit voller Weiterbildungserm\u00e4chtigung f\u00fcr <strong>Innere Medizin<\/strong> in den Abteilungen f\u00fcr <strong>Kardiologie<\/strong>, <strong>Pneumologie, Gastroenterologie und H\u00e4mato- Onkologie<\/strong>. Chefarzt Professor Dr. med. H.-H. Osterhue<\/p><p><strong>Gef\u00e4\u00dfmedizin (Angiologie):<\/strong><\/p><p>Hochrheinklinik Bad S\u00e4ckingen, <strong>Gef\u00e4\u00df-und Diabetzentrum.<\/strong> Chefarzt Dr. med. G. Baitsch.<\/p><p>Gef\u00e4\u00dfzentrum des <strong>Universit\u00e4ts-Herzzentrums Freiburg-Bad Krozingen<\/strong>, Gr\u00f6\u00dfte angiologische Abteilung Deutschlands f\u00fcr minimal invasive Eingriffe. Chefarzt Professor Dr. med. T. Zeller<\/p><p>Gef\u00e4\u00dfzentrum des <strong>Cardioangiologischen Centrums Bethanien (CCB) in Frankfurt<\/strong>. <strong>Medizinisches Versorgungszentrum <\/strong>f\u00fcr ambulant und station\u00e4r Versorgung des gesamten Spektrums <strong>der invasiven und nicht-invasiven Kardiologie, Angiologie, Diabetologie und H\u00e4mostaseologie <\/strong>(<strong>Blutgerinnung<\/strong> und ihrer St\u00f6rungen) . Gesch\u00e4ftsf\u00fchrer Professor Dr. med. T. Voigtl\u00e4nder<\/p><p><strong>Diabetologie:<\/strong><\/p><p><strong>Diabetes-Klinik Bad Nauheim<\/strong><\/p><p>Anerkannt f\u00fcr die Behandlung und Schulung von <strong>Typ I und Typ II-Diabetes<\/strong>. Chefarzt Dr. med. B. Kampmann. <strong>Doktorarbeit <\/strong>(<strong>Promotion<\/strong>) \u00fcber das <strong>Diabetische Fu\u00dfsyndrom(DFS)<\/strong>: Wirksamkeit der orthop\u00e4dieschuhtechnischen Ma\u00dfnahmen (OSTM) auf die Defektinzidenz bei Patienten mit dem Diabetischen Fu\u00dfsyndrom. Doktorvater Professor Dr. med. H. v. Lilienfeld-Toal<\/p><p>Hochrheinklinik Bad S\u00e4ckingen, <strong>Gef\u00e4\u00dfzentrum<\/strong> und <strong>Diabeteszentrum<\/strong>.<\/p><p><strong>CCB \u2013 Diabetes Centrum des Cardioangiologischen Centrums Bethanien<\/strong> in Frankfurt.<\/p><p><strong>Allgemeinmedizin und Notfallmedizin:<\/strong><\/p><p>Kreiskrankenhaus Bad S\u00e4ckingen, in den chirurgischen Abteilungen f\u00fcr <strong>Viszeral und Unfallchirurgie<\/strong>. Chef\u00e4rzte Dres. med. U. Steenblock und J. Stadler<\/p><p>Allgemeinarzt Praxis in Rheinfelden. Dr. med. Schah Nazary.<\/p><span class=\"eael-date\"><\/span><\/div><\/div>\t\t\t\t\t\t\t\t\t\t\t\t\t\t\t\t\t\t<div class=\"eael-content-timeline-block\">\n    <div class=\"eael-content-timeline-line\">\n        <div class=\"eael-content-timeline-inner\"><\/div>\n    <\/div>\n    <div class=\"eael-content-timeline-img eael-picture \"><svg class=\"e-font-icon-svg e-fab-wpforms\" viewBox=\"0 0 448 512\" xmlns=\"http:\/\/www.w3.org\/2000\/svg\"><path d=\"M448 75.2v361.7c0 24.3-19 43.2-43.2 43.2H43.2C19.3 480 0 461.4 0 436.8V75.2C0 51.1 18.8 32 43.2 32h361.7c24 0 43.1 18.8 43.1 43.2zm-37.3 361.6V75.2c0-3-2.6-5.8-5.8-5.8h-9.3L285.3 144 224 94.1 162.8 144 52.5 69.3h-9.3c-3.2 0-5.8 2.8-5.8 5.8v361.7c0 3 2.6 5.8 5.8 5.8h361.7c3.2.1 5.8-2.7 5.8-5.8zM150.2 186v37H76.7v-37h73.5zm0 74.4v37.3H76.7v-37.3h73.5zm11.1-147.3l54-43.7H96.8l64.5 43.7zm210 72.9v37h-196v-37h196zm0 74.4v37.3h-196v-37.3h196zm-84.6-147.3l64.5-43.7H232.8l53.9 43.7zM371.3 335v37.3h-99.4V335h99.4z\"><\/path><\/svg><\/div><div class=\"eael-content-timeline-content\"><h2 class=\"eael-timeline-title\">Medizinstudium<\/h2><p>Studium an den Universit\u00e4ten Hamburg, Ulm und Frankfurt, Abschluss mit dem Staatsexamen am 11.10.1994 beim Hessischen Landespr\u00fcfungsamt f\u00fcr Heilberufe.<\/p><span class=\"eael-date\"><\/span><\/div><\/div>\t\t\t\t\t\t\t\t\t\t\t\t\t\t\t\t\t\t<div class=\"eael-content-timeline-block\">\n    <div class=\"eael-content-timeline-line\">\n        <div class=\"eael-content-timeline-inner\"><\/div>\n    <\/div>\n    <div class=\"eael-content-timeline-img eael-picture \"><svg class=\"e-font-icon-svg e-fab-wpforms\" viewBox=\"0 0 448 512\" xmlns=\"http:\/\/www.w3.org\/2000\/svg\"><path d=\"M448 75.2v361.7c0 24.3-19 43.2-43.2 43.2H43.2C19.3 480 0 461.4 0 436.8V75.2C0 51.1 18.8 32 43.2 32h361.7c24 0 43.1 18.8 43.1 43.2zm-37.3 361.6V75.2c0-3-2.6-5.8-5.8-5.8h-9.3L285.3 144 224 94.1 162.8 144 52.5 69.3h-9.3c-3.2 0-5.8 2.8-5.8 5.8v361.7c0 3 2.6 5.8 5.8 5.8h361.7c3.2.1 5.8-2.7 5.8-5.8zM150.2 186v37H76.7v-37h73.5zm0 74.4v37.3H76.7v-37.3h73.5zm11.1-147.3l54-43.7H96.8l64.5 43.7zm210 72.9v37h-196v-37h196zm0 74.4v37.3h-196v-37.3h196zm-84.6-147.3l64.5-43.7H232.8l53.9 43.7zM371.3 335v37.3h-99.4V335h99.4z\"><\/path><\/svg><\/div><div class=\"eael-content-timeline-content\"><h2 class=\"eael-timeline-title\">Mitgliedschaften<\/h2><p><strong>Deutsche Diabetes Gesellschaft (DDG) <\/strong>seit 1999<\/p><p><strong>Deutsche Gesellschaft f\u00fcr Angiologie<\/strong>, Gesellschaft f\u00fcr <strong>Gef\u00e4\u00dfmedizin<\/strong> e. V. (<strong>DGA<\/strong>) seit 2007<\/p><span class=\"eael-date\"><\/span><\/div><\/div>\t\t\t\t<\/div>\n\t\t\t<\/div>\n\t\t<\/div>\n\t\t\t\t\t<\/div>\n\t\t\t\t\t<\/div>\n\t\t\t\t<\/div>\n\t\t\t\t<\/div>\n\t\t","protected":false},"excerpt":{"rendered":"<p>Die Praxis\u200b Die Praxis wurde 2012 als reine \u00dcberweisungspraxis in K\u00f6nigstein im Taunus neu gegr\u00fcndet. Unsere Leistungen k\u00f6nnen auch sowohl von Privatversicherten als auch von Selbstzahlern in Anspruch genommen werden. Sie richten sich nach den Leitlinien der jeweiligen deutschen medizinischen Fachgesellschaften. Wir pflegen eine enge Zusammenarbeit mit \u00fcberweisenden Haus- und Fach\u00e4rzten sowie einem gro\u00dfen Netzwerk [&hellip;]<\/p>\n","protected":false},"author":1,"featured_media":0,"parent":0,"menu_order":0,"comment_status":"closed","ping_status":"closed","template":"","meta":{"footnotes":""},"class_list":["post-98","page","type-page","status-publish","hentry"],"_links":{"self":[{"href":"http:\/\/gsk-praxis.de\/en\/wp-json\/wp\/v2\/pages\/98","targetHints":{"allow":["GET"]}}],"collection":[{"href":"http:\/\/gsk-praxis.de\/en\/wp-json\/wp\/v2\/pages"}],"about":[{"href":"http:\/\/gsk-praxis.de\/en\/wp-json\/wp\/v2\/types\/page"}],"author":[{"embeddable":true,"href":"http:\/\/gsk-praxis.de\/en\/wp-json\/wp\/v2\/users\/1"}],"replies":[{"embeddable":true,"href":"http:\/\/gsk-praxis.de\/en\/wp-json\/wp\/v2\/comments?post=98"}],"version-history":[{"count":106,"href":"http:\/\/gsk-praxis.de\/en\/wp-json\/wp\/v2\/pages\/98\/revisions"}],"predecessor-version":[{"id":912,"href":"http:\/\/gsk-praxis.de\/en\/wp-json\/wp\/v2\/pages\/98\/revisions\/912"}],"wp:attachment":[{"href":"http:\/\/gsk-praxis.de\/en\/wp-json\/wp\/v2\/media?parent=98"}],"curies":[{"name":"wp","href":"https:\/\/api.w.org\/{rel}","templated":true}]}}